{"id":1671,"date":"2023-02-07T12:19:11","date_gmt":"2023-02-07T11:19:11","guid":{"rendered":"https:\/\/www.blg-autorail.de\/?page_id=1671"},"modified":"2023-02-07T12:51:47","modified_gmt":"2023-02-07T11:51:47","slug":"datenschutz","status":"publish","type":"page","link":"https:\/\/www.blg-autorail.de\/?page_id=1671","title":{"rendered":"Datenschutz"},"content":{"rendered":"\n<p class=\"has-normal-font-size\">Die BLG AutoRail GmbH (im Folgenden \u201ewir\u201c) nimmt den Schutz personenbezogener Daten sehr ernst.<\/p>\n\n\n\n<p class=\"has-normal-font-size\">Wir sch\u00fctzen Ihre Privatsph\u00e4re und Ihre privaten Daten. Wir erheben, verarbeiten und nutzen personenbezogene Daten in \u00dcbereinstimmung mit dem Inhalt dieser Datenschutzbestimmungen sowie der anwendbaren Datenschutzgesetze.<\/p>\n\n\n\n<p class=\"has-normal-font-size\">In diesen Datenschutzregelungen wird geregelt, welche personenbezogenen Daten wir \u00fcber Sie erheben, verarbeiten und nutzen.<\/p>\n\n\n\n<p><strong>I. Name und Anschrift des Verantwortlichen<\/strong><\/p>\n\n\n\n<p class=\"has-normal-font-size\">Der Verantwortliche im Sinne der Datenschutz-Grundverordnung und anderer nationaler Datenschutzgesetze der Mitgliedsstaaten sowie sonstiger datenschutzrechtlicher Bestimmungen ist die:<\/p>\n\n\n\n<p class=\"has-normal-font-size\">BLG AutoRail GmbH<br>Rheinufer 11<br>55252 Mainz-Kastel<br>Tel.: +49 (0) 613 4 \/ 948 44 &#8211; 0<br>E-Mail: info(at)blg-autorail.de<br>Internet: www.blg-autorail.de<\/p>\n\n\n\n<p>Bei Anfragen zum Thema Datenschutz wenden Sie sich gern mit dem Stichwort \u201eDatenschutz Homepage\u201c an unseren Datenschutzbeauftragten. Bitte richten Sie Ihre Anfrage an info(at)blg-autorail.de.<\/p>\n\n\n\n<p>I<strong>I. Allgemeines zur Datenverarbeitung<\/strong><\/p>\n\n\n\n<p>1. Umfang der Verarbeitung personenbezogener Daten<br>Wir verarbeiten personenbezogene Daten unserer Nutzer grunds\u00e4tzlich nur, soweit dies zur Bereitstellung einer funktionsf\u00e4higen Website sowie der Inhalte und Leistungen erforderlich ist. Die Verarbeitung personenbezogener Daten meiner Nutzer erfolgt regelm\u00e4\u00dfig nur nach Einwilligung des Nutzers. Eine Ausnahme gilt in solchen F\u00e4llen, in denen eine vorherige Einholung einer Einwilligung aus tats\u00e4chlichen Gr\u00fcnden nicht m\u00f6glich ist und die Verarbeitung der Daten durch gesetzliche Vorschriften gestattet ist.<\/p>\n\n\n\n<p>2. Rechtsgrundlage f\u00fcr die Verarbeitung personenbezogener Daten<br>Soweit wir f\u00fcr Verarbeitungsvorg\u00e4nge personenbezogener Daten eine Einwilligung der betroffenen Person einholen, dient Art. 6 Abs. 1 lit. a EU-Datenschutzgrundverordnung (DSGVO) als Rechtsgrundlage.<br>Bei der Verarbeitung von personenbezogenen Daten, die zur Erf\u00fcllung eines Vertrages, dessen Vertragspartei die betroffene Person ist, erforderlich ist, dient Art. 6 Abs. 1 lit. b DSGVO als Rechtsgrundlage. Dies gilt auch f\u00fcr Verarbeitungsvorg\u00e4nge, die zur Durchf\u00fchrung vorvertraglicher Ma\u00dfnahmen erforderlich sind.<br>Soweit eine Verarbeitung personenbezogener Daten zur Erf\u00fcllung einer rechtlichen Verpflichtung erforderlich ist, der unser Unternehmen unterliegt, dient Art. 6 Abs. 1 lit. c DSGVO als Rechtsgrundlage.<br>F\u00fcr den Fall, dass lebenswichtige Interessen der betroffenen Person oder einer anderen nat\u00fcrlichen Person eine Verarbeitung personenbezogener Daten erforderlich machen, dient Art. 6 Abs. 1 lit. d DSGVO als Rechtsgrundlage.<br>Ist die Verarbeitung zur Wahrung eines berechtigten Interesses unseres Unternehmens oder eines Dritten erforderlich und \u00fcberwiegen die Interessen, Grundrechte und Grundfreiheiten des Betroffenen das erstgenannte Interesse nicht, so dient Art. 6 Abs. 1 lit. f DSGVO als Rechtsgrundlage f\u00fcr die Verarbeitung.<\/p>\n\n\n\n<p>3. Datenl\u00f6schung und Speicherdauer<br>Die personenbezogenen Daten der betroffenen Person werden gel\u00f6scht oder gesperrt, sobald der Zweck der Speicherung entf\u00e4llt. Eine Speicherung kann dar\u00fcber hinaus erfolgen, wenn dies durch den europ\u00e4ischen oder nationalen Gesetzgeber in unionsrechtlichen Verordnungen, Gesetzen oder sonstigen Vorschriften, denen der Verantwortliche unterliegt, vorgesehen wurde. Eine Sperrung oder L\u00f6schung der Daten erfolgt auch dann, wenn eine durch die genannten Normen vorgeschriebene Speicherfrist abl\u00e4uft, es sei denn, dass eine Erforderlichkeit zur weiteren Speicherung der Daten f\u00fcr einen Vertragsabschluss oder eine Vertragserf\u00fcllung besteht.<\/p>\n\n\n\n<p><\/p>\n\n\n\n<p><\/p>\n\n\n\n<p><\/p>\n\n\n\n<p>\u200b<\/p>\n\n\n\n<p><\/p>\n\n\n\n<p><\/p>\n\n\n\n<p><\/p>\n\n\n\n<p>\u200b<\/p>\n\n\n\n<p><\/p>\n\n\n\n<p>\u200b<\/p>\n\n\n\n<p>III. Bereitstellung der Website und Erstellung von Logfiles<\/p>\n\n\n\n<ol class=\"wp-block-list\"><li>Beschreibung und Umfang der Datenverarbeitung<\/li><\/ol>\n\n\n\n<p>Bei jedem Aufruf unserer Internetseite erfasst unser System automatisiert Daten und Informationen vom Computersystem des aufrufenden Rechners. Folgende Daten werden hierbei unter anderem erhoben:<\/p>\n\n\n\n<p>\u200b<\/p>\n\n\n\n<ol class=\"wp-block-list\"><li>Informationen \u00fcber den Browsertyp und die verwendete Version<\/li><li>Das Betriebssystem des Nutzers<\/li><li>Den Internet-Service-Provider des Nutzers<\/li><li>Die IP-Adresse des Nutzers<\/li><li>Datum und Uhrzeit des Zugriffs<\/li><li>Websites, von denen das System des Nutzers auf unsere Internetseite gelangt<\/li><li>Websites, die vom System des Nutzers \u00fcber unsere Website aufgerufen werden<\/li><\/ol>\n\n\n\n<p>\u200b<\/p>\n\n\n\n<p>Die Daten werden ebenfalls in den Logfiles unseres Systems gespeichert. Eine Speicherung dieser Daten zusammen mit anderen personenbezogenen Daten des Nutzers findet nicht statt.<\/p>\n\n\n\n<p>\u200b<\/p>\n\n\n\n<ol class=\"wp-block-list\" start=\"2\"><li>Rechtsgrundlage f\u00fcr die Datenverarbeitung<\/li><\/ol>\n\n\n\n<p>Rechtsgrundlage f\u00fcr die vor\u00fcbergehende Speicherung der Daten und der Logfiles ist Art. 6 Abs. 1 lit. f DSGVO.<\/p>\n\n\n\n<p>\u200b<\/p>\n\n\n\n<ol class=\"wp-block-list\" start=\"3\"><li>Zweck der Datenverarbeitung<\/li><\/ol>\n\n\n\n<p>Die vor\u00fcbergehende Speicherung der IP-Adresse durch das System ist notwendig, um eine Auslieferung der Website an den Rechner des Nutzers zu erm\u00f6glichen. Hierf\u00fcr muss die IP-Adresse des Nutzers f\u00fcr die Dauer der Sitzung gespeichert bleiben.<\/p>\n\n\n\n<p>\u200b<\/p>\n\n\n\n<p>Die Speicherung in Logfiles erfolgt, um die Funktionsf\u00e4higkeit der Website sicherzustellen. Zudem dienen uns die Daten zur Optimierung der Website und zur Sicherstellung der Sicherheit unserer informationstechnischen Systeme. Eine Auswertung der Daten zu Marketingzwecken findet in diesem Zusammenhang nicht statt.<\/p>\n\n\n\n<p>\u200b<\/p>\n\n\n\n<p>In diesen Zwecken liegt auch unser berechtigtes Interesse an der Datenverarbeitung nach Art. 6 Abs. 1 lit. f DSGVO.<\/p>\n\n\n\n<p>\u200b<\/p>\n\n\n\n<ol class=\"wp-block-list\" start=\"4\"><li>Dauer der Speicherung<\/li><\/ol>\n\n\n\n<p>Die Daten werden gel\u00f6scht, sobald sie f\u00fcr die Erreichung des Zweckes ihrer Erhebung nicht mehr erforderlich sind. Im Falle der Erfassung der Daten zur Bereitstellung der Website ist dies der Fall, wenn die jeweilige Sitzung beendet ist.<\/p>\n\n\n\n<p>Im Falle der Speicherung der Daten in Logfiles ist dies nach sp\u00e4testens sieben Tagen der Fall. Eine dar\u00fcberhinausgehende Speicherung ist m\u00f6glich. In diesem Fall werden die IP-Adressen der Nutzer gel\u00f6scht oder verfremdet, sodass eine Zuordnung des aufrufenden Clients nicht mehr m\u00f6glich ist.<\/p>\n\n\n\n<p>\u200b<\/p>\n\n\n\n<ol class=\"wp-block-list\" start=\"5\"><li>Widerspruchs- und Beseitigungsm\u00f6glichkeit<\/li><\/ol>\n\n\n\n<p>Die Erfassung der Daten zur Bereitstellung der Website und die Speicherung der Daten in Logfiles ist f\u00fcr den Betrieb der Internetseite zwingend erforderlich. Es besteht folglich seitens des Nutzers keine Widerspruchsm\u00f6glichkeit.<\/p>\n\n\n\n<p>\u200b<\/p>\n\n\n\n<p>IV. Verwendung von Cookies<\/p>\n\n\n\n<p>\u200b<\/p>\n\n\n\n<ol class=\"wp-block-list\"><li>Beschreibung und Umfang der Datenverarbeitung<\/li><\/ol>\n\n\n\n<p>Unsere Webseite verwendet unter Umst\u00e4nden Cookies. Bei Cookies handelt es sich um Textdateien, die im Internetbrowser bzw. vom Internetbrowser auf dem Computersystem des Nutzers gespeichert werden. Ruft ein Nutzer eine Website auf, so kann ein Cookie auf dem Betriebssystem des Nutzers gespeichert werden. Dieser Cookie enth\u00e4lt eine charakteristische Zeichenfolge, die eine eindeutige Identifizierung des Browsers beim erneuten Aufrufen der Website erm\u00f6glicht.<\/p>\n\n\n\n<p>\u200b<\/p>\n\n\n\n<p>Wir setzen ggf. Cookies ein, um die Website nutzerfreundlicher zu gestalten. Einige Elemente der Internetseite erfordern es, dass der aufrufende Browser auch nach einem Seitenwechsel identifiziert werden kann.<\/p>\n\n\n\n<p>\u200b<\/p>\n\n\n\n<p>In den Cookies werden beispielhaft unter anderem folgenden Daten gespeichert und \u00fcbermittelt:<\/p>\n\n\n\n<p>(1) Spracheinstellungen<\/p>\n\n\n\n<p>(2) Artikel in einem Warenkorb<\/p>\n\n\n\n<p>(3) Log-In-Informationen<\/p>\n\n\n\n<p>\u200b<\/p>\n\n\n\n<p>Wir verwenden auf der Website ggf. Cookies, die eine Analyse des Surfverhaltens der Nutzer erm\u00f6glichen.<\/p>\n\n\n\n<p>Auf diese Weise k\u00f6nnen unter anderem folgende Daten \u00fcbermittelt werden:<\/p>\n\n\n\n<p>(1) Eingegebene Suchbegriffe<\/p>\n\n\n\n<p>(2) H\u00e4ufigkeit von Seitenaufrufen<\/p>\n\n\n\n<p>(3) Inanspruchnahme von Website-Funktionen<\/p>\n\n\n\n<p>\u200b<\/p>\n\n\n\n<p>Beim Aufruf der Website wird der Nutzer \u00fcber die Verwendung von Cookies zu Analysezwecken informiert und seine Einwilligung zur Verarbeitung der in diesem Zusammenhang verwendeten personenbezogenen Daten eingeholt. In diesem Zusammenhang erfolgt auch ein Hinweis auf diese Datenschutzerkl\u00e4rung.<\/p>\n\n\n\n<p>\u200b<\/p>\n\n\n\n<ol class=\"wp-block-list\" start=\"2\"><li>Rechtsgrundlage f\u00fcr die Datenverarbeitung<\/li><\/ol>\n\n\n\n<p>Die Rechtsgrundlage f\u00fcr die Verarbeitung personenbezogener Daten unter Verwendung von Cookies ist Art. 6 Abs. 1 lit. f DSGVO.<\/p>\n\n\n\n<p>\u200b<\/p>\n\n\n\n<p>Die Rechtsgrundlage f\u00fcr die Verarbeitung personenbezogener Daten unter Verwendung technisch notweniger Cookies ist Art. 6 Abs. 1 lit. f DSGVO.<\/p>\n\n\n\n<p>\u200b<\/p>\n\n\n\n<p>Die Rechtsgrundlage f\u00fcr die Verarbeitung personenbezogener Daten unter Verwendung von Cookies zu Analysezwecken ist bei Vorliegen einer diesbez\u00fcglichen Einwilligung des Nutzers Art. 6 Abs. 1 lit. a DSGVO.<\/p>\n\n\n\n<p>\u200b<\/p>\n\n\n\n<ol class=\"wp-block-list\" start=\"3\"><li>Zweck der Datenverarbeitung<\/li><\/ol>\n\n\n\n<p>Der Zweck der Verwendung technisch notwendiger Cookies ist, die Nutzung von Websites f\u00fcr die Nutzer zu vereinfachen. Einige Funktionen der Internetseite k\u00f6nnen ohne den Einsatz von Cookies nicht angeboten werden. F\u00fcr diese ist es erforderlich, dass der Browser auch nach einem Seitenwechsel wiedererkannt wird.<\/p>\n\n\n\n<p>\u200b<\/p>\n\n\n\n<p>F\u00fcr unter anderem folgende Anwendungen ben\u00f6tigen wir Cookies:<\/p>\n\n\n\n<p>(1) Warenkorb<\/p>\n\n\n\n<p>(2) \u00dcbernahme von Spracheinstellungen<\/p>\n\n\n\n<p>(3) Merken von Suchbegriffen<\/p>\n\n\n\n<p>\u200b<\/p>\n\n\n\n<p>Die durch technisch notwendige Cookies erhobenen Nutzerdaten werden nicht zur Erstellung von Nutzerprofilen verwendet.<\/p>\n\n\n\n<p>\u200b<\/p>\n\n\n\n<p>Die Verwendung der Analyse-Cookies erfolgt zu dem Zweck, die Qualit\u00e4t unserer Website und ihre Inhalte zu verbessern. Durch die Analyse-Cookies erfahren wir, wie die Website genutzt wird und k\u00f6nnen so unser Angebot stetig optimieren.<\/p>\n\n\n\n<p>\u200b<\/p>\n\n\n\n<p>In diesen Zwecken liegt auch unser berechtigtes Interesse in der Verarbeitung der personenbezogenen Daten nach Art. 6 Abs. 1 lit. f DSGVO.<\/p>\n\n\n\n<p>\u200b<\/p>\n\n\n\n<ol class=\"wp-block-list\" start=\"4\"><li>Dauer der Speicherung, Widerspruchs- und Beseitigungsm\u00f6glichkeit<\/li><\/ol>\n\n\n\n<p>Cookies werden ggf. auf dem Rechner des Nutzers gespeichert und von diesem an unsere Seite \u00fcbermittelt. Daher haben Sie als Nutzer auch die volle Kontrolle \u00fcber die Verwendung von Cookies. Durch eine \u00c4nderung der Einstellungen in Ihrem Internetbrowser k\u00f6nnen Sie die \u00dcbertragung von Cookies deaktivieren oder einschr\u00e4nken. Bereits gespeicherte Cookies k\u00f6nnen jederzeit gel\u00f6scht werden. Dies kann auch automatisiert erfolgen. Werden Cookies f\u00fcr unsere Website deaktiviert, k\u00f6nnen m\u00f6glicherweise nicht mehr alle Funktionen der Website vollumf\u00e4nglich genutzt werden.<\/p>\n\n\n\n<p>\u200b<\/p>\n\n\n\n<p>V. E-Mail-Kontakt<\/p>\n\n\n\n<p>\u200b<\/p>\n\n\n\n<ol class=\"wp-block-list\"><li>Beschreibung und Umfang der Datenverarbeitung<\/li><\/ol>\n\n\n\n<p>Auf unserer Internetseite ist eine Kontaktaufnahme \u00fcber die bereitgestellte E-Mail-Adresse m\u00f6glich. In diesem Fall werden die mit der E-Mail \u00fcbermittelten personenbezogenen Daten des Nutzers gespeichert.<\/p>\n\n\n\n<ol class=\"wp-block-list\" start=\"2\"><li>Rechtsgrundlage f\u00fcr die Datenverarbeitung<\/li><\/ol>\n\n\n\n<p>Rechtsgrundlage f\u00fcr die Verarbeitung der Daten, die im Zuge einer \u00dcbersendung einer E-Mail \u00fcbermittelt werden, ist Art. 6 Abs. 1 lit. f DSGVO. Zielt der E-Mail-Kontakt auf den Abschluss eines Vertrages ab, so ist zus\u00e4tzliche Rechtsgrundlage f\u00fcr die Verarbeitung Art. 6 Abs. 1 lit. b DSGVO.<\/p>\n\n\n\n<ol class=\"wp-block-list\" start=\"3\"><li>Zweck der Datenverarbeitung<\/li><\/ol>\n\n\n\n<p>Die Verarbeitung der personenbezogenen Daten dient uns allein zur Bearbeitung der Kontaktaufnahme. Hieran liegt auch das erforderliche berechtigte Interesse an der Verarbeitung der Daten.<\/p>\n\n\n\n<ol class=\"wp-block-list\" start=\"4\"><li>Dauer der Speicherung<\/li><\/ol>\n\n\n\n<p>Die Daten werden gel\u00f6scht, sobald sie f\u00fcr die Erreichung des Zweckes ihrer Erhebung nicht mehr erforderlich sind. F\u00fcr die personenbezogenen Daten die per E-Mail \u00fcbersandt wurden, ist dies dann der Fall, wenn die jeweilige Konversation mit dem Nutzer beendet ist. Beendet ist die Konversation dann, wenn sich aus den Umst\u00e4nden entnehmen l\u00e4sst, dass der betroffene Sachverhalt abschlie\u00dfend gekl\u00e4rt ist.<\/p>\n\n\n\n<p>\u200b<\/p>\n\n\n\n<p>Die w\u00e4hrend des Absendevorgangs zus\u00e4tzlich erhobenen personenbezogenen Daten werden sp\u00e4testens nach einer Frist von sieben Tagen gel\u00f6scht.<\/p>\n\n\n\n<p>\u200b<\/p>\n\n\n\n<ol class=\"wp-block-list\" start=\"5\"><li>Widerspruchs- und Beseitigungsm\u00f6glichkeit<\/li><\/ol>\n\n\n\n<p>Nimmt der Nutzer per E-Mail Kontakt mit uns auf, so kann er der Speicherung seiner personenbezogenen Daten jederzeit widersprechen. In einem solchen Fall kann die Konversation nicht fortgef\u00fchrt werden.<\/p>\n\n\n\n<p>Sie k\u00f6nnen den Widerspruch jederzeit per Email an den Datenschutzbeauftragten richten.<\/p>\n\n\n\n<p>Alle personenbezogenen Daten, die im Zuge der Kontaktaufnahme gespeichert wurden, werden in diesem Fall gel\u00f6scht.<\/p>\n\n\n\n<p>\u200b<\/p>\n\n\n\n<p>VI. Bewerbung<\/p>\n\n\n\n<p>\u200b<\/p>\n\n\n\n<ol class=\"wp-block-list\"><li>Beschreibung und Umfang der Verarbeitung<\/li><\/ol>\n\n\n\n<p>Wir verarbeiten personenbezogene Daten, die wir im Rahmen eines Bewerbungsverfahrens von Ihnen erhalten. Auf unserer Webseite bieten wir unseren Nutzern die M\u00f6glichkeit sich per E-Mail oder auf postalischem Weg bei uns auf eine ausgeschriebene Stelle zu bewerben oder eine Initiativbewerbung zu schicken. Die personenbezogenen Daten, die Sie hierdurch an uns \u00fcbermitteln, k\u00f6nnen der Name, Vorname, Geburtsdatum, Adresse, Kontaktdaten, Angaben zur beruflichen Situation, zum gew\u00fcnschten Einsatzort, zur Verf\u00fcgbarkeit, zu Ihren Berufsw\u00fcnschen, sowie s\u00e4mtliche Angaben wie sie sich \u00fcblicherweise in einem Lebenslauf (Qualifikationen, Kenntnisse) befinden, sein.<\/p>\n\n\n\n<ol class=\"wp-block-list\" start=\"2\"><li>Rechtsgrundlage der Verarbeitung<\/li><\/ol>\n\n\n\n<p>Rechtsgrundlage f\u00fcr die Verarbeitung der personenbezogenen Daten ist Art. 6 Abs. 1 lit. b und f DSGVO. Soweit eine Einwilligung von Ihnen vorliegt, ist die Rechtsgrundlage Art. 6 Abs. 1 lit. a DSGVO.<\/p>\n\n\n\n<ol class=\"wp-block-list\" start=\"3\"><li>Zweck der Verarbeitung<\/li><\/ol>\n\n\n\n<p>Personenbezogene Daten, die wir im Rahmen des Bewerbungsverfahrens von Ihnen erhalten, werden von uns ausschlie\u00dflich zur Bearbeitung Ihrer Bewerbung und der Abwicklung und Durchf\u00fchrung des Bewerbungsverfahrens genutzt und verarbeitet.<\/p>\n\n\n\n<ol class=\"wp-block-list\" start=\"4\"><li>Dauer der Speicherung<\/li><\/ol>\n\n\n\n<p>Die personenbezogenen Daten, die Sie im Rahmen Ihrer Bewerbung an uns \u00fcbermittelt haben, werden sp\u00e4testens 6 Monate nach Abschluss des Bewerbungs-verfahrens von uns gel\u00f6scht. Dies gilt nicht, wenn aufgrund der Erf\u00fcllung einer rechtlichen Verpflichtung (Art. 6 lit. c DSGVO) &#8211; beispielsweise der Beweispflicht nach dem Allgemeinen Gleichbehandlungsgesetz &#8211; eine l\u00e4ngere Speicherung notwendig ist oder wenn Sie einer l\u00e4ngeren Speicherung ausdr\u00fccklich zugestimmt haben.<\/p>\n\n\n\n<ol class=\"wp-block-list\" start=\"5\"><li>Widerspruchs und Beseitigungsm\u00f6glichkeit<\/li><\/ol>\n\n\n\n<p>Sie haben jederzeit die M\u00f6glichkeit, Ihre Einwilligung zur Verarbeitung der personenbezogenen Daten zu widerrufen bzw. der Verarbeitung zu widersprechen. In einem solchen Fall scheiden Sie aus dem Bewerbungsverfahren aus, da Ihre Bewerbung nicht weiterbearbeitet werden kann.<\/p>\n\n\n\n<p>Sie k\u00f6nnen die Einwilligung zur Verarbeitung Ihrer Daten durch Email an den info(at)blg-autorail.de jederzeit widerrufen. Alle personenbezogenen Daten, die im Zuge der Bewerbung gespeichert wurden, werden in diesem Fall gel\u00f6scht, soweit keine gesetzliche Aufbewahrungspflicht oder ein berechtigtes Interesse unsererseits an der Aufbewahrung der Daten besteht.<\/p>\n\n\n\n<ol class=\"wp-block-list\" start=\"6\"><li>Weitergabe an Auftragsverarbeiter<\/li><\/ol>\n\n\n\n<p>Im Rahmen der Abwicklung des Bewerbungsverfahrens, insbesondere bei der Bearbeitung der Bewerberdaten, arbeiten wir mit der BLG LOGISTICS GROUP AG &amp; Co. KG zusammen, welche f\u00fcr uns als Auftragsverarbeiter t\u00e4tig wird. Dieser werden die Bewerberdaten zur Verf\u00fcgung gestellt. Eine dar\u00fcberhinausgehende Weitergabe Ihrer Bewerbungsdaten an Dritte erfolgt nicht ohne das vorherige, ausdr\u00fcckliche Einverst\u00e4ndnis Ihrerseits.<\/p>\n\n\n\n<p>VII. Links zu anderen Websites<\/p>\n\n\n\n<p>\u200b<\/p>\n\n\n\n<p>Unsere Homepage kann Links zu Websites Dritter enthalten. Wenn Sie einem Link zu einer dieser Websites folgen, beachten Sie bitte, dass wir keine Verantwortung oder Gew\u00e4hr f\u00fcr fremde Inhalte oder Datenschutzbedingungen \u00fcbernehmen k\u00f6nnen. Bitte vergewissern Sie sich \u00fcber die jeweils geltenden Datenschutzbedingungen, bevor Sie personenbezogene Daten an diese Websites \u00fcbermitteln.<\/p>\n\n\n\n<p>\u200b<\/p>\n\n\n\n<p>VIII. Datensicherheit<\/p>\n\n\n\n<p>\u200b<\/p>\n\n\n\n<p>Alle Informationen, die Sie an uns \u00fcbermitteln, werden auf Servern innerhalb der Europ\u00e4ischen Union gespeichert. Leider ist die \u00dcbertragung von Informationen \u00fcber das Internet nicht vollst\u00e4ndig sicher, weshalb wir die Sicherheit der \u00fcber das Internet an und \u00fcber unsere Website \u00fcbermittelten Daten nicht garantieren k\u00f6nnen. Wir sichern unsere Website und sonstigen Systeme jedoch bestm\u00f6glich durch technische und organisatorische Ma\u00dfnahmen gegen Verlust, Zerst\u00f6rung, Zugriff, Ver\u00e4nderung oder Verbreitung Ihrer Daten durch unbefugte Personen ab.<\/p>\n\n\n\n<p>\u200b<\/p>\n\n\n\n<p>Wir treffen Vorkehrungen, um die Sicherheit Ihrer personenbezogenen Daten zu gew\u00e4hrleisten. Ihre Daten werden gewissenhaft vor Verlust, Zerst\u00f6rung, Verf\u00e4lschung, Manipulation und unberechtigtem Zugriff oder unberechtigter Offenlegung gesch\u00fctzt.<\/p>\n\n\n\n<p>\u200b<\/p>\n\n\n\n<p>IX. Rechte der betroffenen Person<\/p>\n\n\n\n<p>\u200b<\/p>\n\n\n\n<p>Werden personenbezogene Daten von Ihnen verarbeitet, sind Sie Betroffener i.S.d. DSGVO und es stehen Ihnen folgende Rechte gegen\u00fcber dem Verantwortlichen zu:<\/p>\n\n\n\n<ol class=\"wp-block-list\"><li>Auskunftsrecht<\/li><\/ol>\n\n\n\n<p>Sie k\u00f6nnen von dem Verantwortlichen eine Best\u00e4tigung dar\u00fcber verlangen, ob personenbezogene Daten, die Sie betreffen, von uns verarbeitet werden. Liegt eine solche Verarbeitung vor, k\u00f6nnen Sie von dem Verantwortlichen \u00fcber folgende Informationen Auskunft verlangen:<\/p>\n\n\n\n<p>\u200b<\/p>\n\n\n\n<p>(1) die Zwecke, zu denen die personenbezogenen Daten verarbeitet werden;<\/p>\n\n\n\n<p>(2) die Kategorien von personenbezogenen Daten, welche verarbeitet werden;<\/p>\n\n\n\n<p>(3) die Empf\u00e4nger bzw. die Kategorien von Empf\u00e4ngern, gegen\u00fcber denen die Sie betreffenden personenbezogenen Daten offengelegt wurden oder noch offengelegt werden;<\/p>\n\n\n\n<p>(4) die geplante Dauer der Speicherung der Sie betreffenden personenbezogenen Daten oder, falls konkrete Angaben hierzu nicht m\u00f6glich sind, Kriterien f\u00fcr die Festlegung der Speicherdauer;<\/p>\n\n\n\n<p>(5) das Bestehen eines Rechts auf Berichtigung oder L\u00f6schung der Sie betreffenden personenbezogenen Daten, eines Rechts auf Einschr\u00e4nkung der Verarbeitung durch den Verantwortlichen oder eines Widerspruchsrechts gegen diese Verarbeitung;<\/p>\n\n\n\n<p>(6) das Bestehen eines Beschwerderechts bei einer Aufsichtsbeh\u00f6rde;<\/p>\n\n\n\n<p>(7) alle verf\u00fcgbaren Informationen \u00fcber die Herkunft der Daten, wenn die personenbezogenen Daten nicht bei der betroffenen Person erhoben werden;<\/p>\n\n\n\n<p>\u200b<\/p>\n\n\n\n<p>Ihnen steht das Recht zu, Auskunft dar\u00fcber zu verlangen, ob die Sie betreffenden personenbezogenen Daten in ein Drittland oder an eine internationale Organisation \u00fcbermittelt werden. In diesem Zusammenhang k\u00f6nnen Sie verlangen, \u00fcber die geeigneten Garantien gem. Art. 46 DSGVO im Zusammenhang mit der \u00dcbermittlung unterrichtet zu werden.<\/p>\n\n\n\n<p>\u200b<\/p>\n\n\n\n<ol class=\"wp-block-list\" start=\"2\"><li>Recht auf Berichtigung<\/li><\/ol>\n\n\n\n<p>Sie haben ein Recht auf Berichtigung und\/oder Vervollst\u00e4ndigung gegen\u00fcber dem Verantwortlichen, sofern die verarbeiteten personenbezogenen Daten, die Sie betreffen, unrichtig oder unvollst\u00e4ndig sind. Der Verantwortliche hat die Berichtigung unverz\u00fcglich vorzunehmen.<\/p>\n\n\n\n<p>\u200b<\/p>\n\n\n\n<ol class=\"wp-block-list\" start=\"3\"><li>Recht auf Einschr\u00e4nkung der Verarbeitung<\/li><\/ol>\n\n\n\n<p>Unter den folgenden Voraussetzungen k\u00f6nnen Sie die Einschr\u00e4nkung der Verarbeitung der Sie betreffenden personenbezogenen Daten verlangen:<\/p>\n\n\n\n<p>\u200b<\/p>\n\n\n\n<p>(1) wenn Sie die Richtigkeit der Sie betreffenden personenbezogenen f\u00fcr eine Dauer bestreiten, die es dem Verantwortlichen erm\u00f6glicht, die Richtigkeit der personenbezogenen Daten zu \u00fcberpr\u00fcfen;<\/p>\n\n\n\n<p>(2) die Verarbeitung unrechtm\u00e4\u00dfig ist und Sie die L\u00f6schung der personenbezogenen Daten ablehnen und stattdessen die Einschr\u00e4nkung der Nutzung der personenbezogenen Daten verlangen;<\/p>\n\n\n\n<p>(3) der Verantwortliche die personenbezogenen Daten f\u00fcr die Zwecke der Verarbeitung nicht l\u00e4nger ben\u00f6tigt, Sie diese jedoch zur Geltendmachung, Aus\u00fcbung oder Verteidigung von Rechtsanspr\u00fcchen ben\u00f6tigen, oder<\/p>\n\n\n\n<p>(4) wenn Sie Widerspruch gegen die Verarbeitung gem\u00e4\u00df Art. 21 Abs. 1 DSGVO eingelegt haben und noch nicht feststeht, ob die berechtigten Gr\u00fcnde des Verantwortlichen gegen\u00fcber Ihren Gr\u00fcnden \u00fcberwiegen.<\/p>\n\n\n\n<p>\u200b<\/p>\n\n\n\n<p>Wurde die Verarbeitung der Sie betreffenden personenbezogenen Daten eingeschr\u00e4nkt, d\u00fcrfen diese Daten \u2013 von ihrer Speicherung abgesehen \u2013 nur mit Ihrer Einwilligung oder zur Geltendmachung, Aus\u00fcbung oder Verteidigung von Rechtsanspr\u00fcchen oder zum Schutz der Rechte einer anderen nat\u00fcrlichen oder juristischen Person oder aus Gr\u00fcnden eines wichtigen \u00f6ffentlichen Interesses der Union oder eines Mitgliedstaats verarbeitet werden.<\/p>\n\n\n\n<p>Wurde die Einschr\u00e4nkung der Verarbeitung nach den o.g. Voraussetzungen eingeschr\u00e4nkt, werden Sie von dem Verantwortlichen unterrichtet bevor die Einschr\u00e4nkung aufgehoben wird.<\/p>\n\n\n\n<p>\u200b<\/p>\n\n\n\n<ol class=\"wp-block-list\" start=\"4\"><li>Recht auf L\u00f6schung<\/li><\/ol>\n\n\n\n<p>a) L\u00f6schungspflicht<\/p>\n\n\n\n<p>Sie k\u00f6nnen uns verlangen, dass die Sie betreffenden personenbezogenen Daten unverz\u00fcglich gel\u00f6scht werden, und wir sind verpflichtet, diese Daten unverz\u00fcglich zu l\u00f6schen, sofern einer der folgenden Gr\u00fcnde zutrifft:<\/p>\n\n\n\n<p>(1) Die Sie betreffenden personenbezogenen Daten sind f\u00fcr die Zwecke, f\u00fcr die sie erhoben oder auf sonstige Weise verarbeitet wurden, nicht mehr notwendig.<\/p>\n\n\n\n<p>(2) Sie widerrufen Ihre Einwilligung, auf die sich die Verarbeitung gem. Art. 6 Abs. 1 lit. a oder Art. 9 Abs. 2 lit. a DSGVO st\u00fctzte, und es fehlt an einer anderweitigen Rechtsgrundlage f\u00fcr die Verarbeitung.<\/p>\n\n\n\n<p>(3) Sie legen gem. Art. 21 Abs. 1 DSGVO Widerspruch gegen die Verarbeitung ein und es liegen keine vorrangigen berechtigten Gr\u00fcnde f\u00fcr die Verarbeitung vor, oder Sie legen gem. Art. 21 Abs. 2 DSGVO Widerspruch gegen die Verarbeitung ein.<\/p>\n\n\n\n<p>(4) Die Sie betreffenden personenbezogenen Daten wurden unrechtm\u00e4\u00dfig verarbeitet.<\/p>\n\n\n\n<p>(5) Die L\u00f6schung der Sie betreffenden personenbezogenen Daten ist zur Erf\u00fcllung einer rechtlichen Verpflichtung nach dem Unionsrecht oder dem Recht der Mitgliedstaaten erforderlich, dem der Verantwortliche unterliegt.<\/p>\n\n\n\n<p>(6) Die Sie betreffenden personenbezogenen Daten wurden in Bezug auf angebotene Dienste der Informationsgesellschaft gem\u00e4\u00df Art. 8 Abs. 1 DSGVO erhoben.<\/p>\n\n\n\n<p>\u200b<\/p>\n\n\n\n<p>b) Information an Dritte<\/p>\n\n\n\n<p>Haben wir die Sie betreffenden personenbezogenen Daten \u00f6ffentlich gemacht und sind wir gem. Art. 17 Abs. 1 DSGVO zu deren L\u00f6schung verpflichtet, so trifft er unter Ber\u00fccksichtigung der verf\u00fcgbaren Technologie und der Implementierungskosten angemessene Ma\u00dfnahmen, auch technischer Art, um f\u00fcr die Datenverarbeitung Verantwortliche, die die personenbezogenen Daten verarbeiten, dar\u00fcber zu informieren, dass Sie als betroffene Person von ihnen die L\u00f6schung aller Links zu diesen personenbezogenen Daten oder von Kopien oder Replikationen dieser personenbezogenen Daten verlangt haben.<\/p>\n\n\n\n<p>\u200b<\/p>\n\n\n\n<p>c) Ausnahmen<\/p>\n\n\n\n<p>Das Recht auf L\u00f6schung besteht nicht, soweit die Verarbeitung erforderlich ist<\/p>\n\n\n\n<p>(1) zur Aus\u00fcbung des Rechts auf freie Meinungs\u00e4u\u00dferung und Information;<\/p>\n\n\n\n<p>(2) zur Erf\u00fcllung einer rechtlichen Verpflichtung, die die Verarbeitung nach dem Recht der Union oder der Mitgliedstaaten, dem der Verantwortliche unterliegt, erfordert, oder zur Wahrnehmung einer Aufgabe, die im \u00f6ffentlichen Interesse liegt oder in Aus\u00fcbung \u00f6ffentlicher Gewalt erfolgt, die dem Verantwortlichen \u00fcbertragen wurde;<\/p>\n\n\n\n<p>(3) aus Gr\u00fcnden des \u00f6ffentlichen Interesses im Bereich der \u00f6ffentlichen Gesundheit gem\u00e4\u00df Art. 9 Abs. 2 lit. h und i sowie Art. 9 Abs. 3 DSGVO;<\/p>\n\n\n\n<p>(4) f\u00fcr im \u00f6ffentlichen Interesse liegende Archivzwecke, wissenschaftliche oder historische Forschungszwecke oder f\u00fcr statistische Zwecke gem. Art. 89 Abs. 1 DSGVO, soweit das unter Abschnitt a) genannte Recht voraussichtlich die Verwirklichung der Ziele dieser Verarbeitung unm\u00f6glich macht oder ernsthaft beeintr\u00e4chtigt, oder<\/p>\n\n\n\n<p>(5) zur Geltendmachung, Aus\u00fcbung oder Verteidigung von Rechtsanspr\u00fcchen.<\/p>\n\n\n\n<p>\u200b<\/p>\n\n\n\n<ol class=\"wp-block-list\" start=\"5\"><li>Recht auf Unterrichtung<\/li><\/ol>\n\n\n\n<p>Haben Sie das Recht auf Berichtigung, L\u00f6schung oder Einschr\u00e4nkung der Verarbeitung geltend gemacht, sind wir verpflichtet, allen Empf\u00e4ngern, denen die Sie betreffenden personenbezogenen Daten offengelegt wurden, diese Berichtigung oder L\u00f6schung der Daten oder Einschr\u00e4nkung der Verarbeitung mitzuteilen, es sei denn, dies erweist sich als unm\u00f6glich oder ist mit einem unverh\u00e4ltnism\u00e4\u00dfigen Aufwand verbunden.<\/p>\n\n\n\n<p>Ihnen steht gegen\u00fcber dem Verantwortlichen das Recht zu, \u00fcber diese Empf\u00e4nger unterrichtet zu werden.<\/p>\n\n\n\n<p>\u200b<\/p>\n\n\n\n<ol class=\"wp-block-list\" start=\"6\"><li>Recht auf Daten\u00fcbertragbarkeit<\/li><\/ol>\n\n\n\n<p>Sie haben das Recht, die Sie betreffenden personenbezogenen Daten, die Sie uns bereitgestellt haben, in einem strukturierten, g\u00e4ngigen und maschinenlesbaren Format zu erhalten. Au\u00dferdem haben Sie das Recht diese Daten einem anderen Verantwortlichen ohne Behinderung durch den Verantwortlichen, dem die personenbezogenen Daten bereitgestellt wurden, zu \u00fcbermitteln, sofern<\/p>\n\n\n\n<p>(1) die Verarbeitung auf einer Einwilligung gem. Art. 6 Abs. 1 lit. a DSGVO oder Art. 9 Abs. 2 lit. a DSGVO oder auf einem Vertrag gem. Art. 6 Abs. 1 lit. b DSGVO beruht und<\/p>\n\n\n\n<p>(2) die Verarbeitung mithilfe automatisierter Verfahren erfolgt.<\/p>\n\n\n\n<p>In Aus\u00fcbung dieses Rechts haben Sie ferner das Recht, zu erwirken, dass die Sie betreffenden personenbezogenen Daten direkt von einem Verantwortlichen einem anderen Verantwortlichen \u00fcbermittelt werden, soweit dies technisch machbar ist. Freiheiten und Rechte anderer Personen d\u00fcrfen hierdurch nicht beeintr\u00e4chtigt werden.<\/p>\n\n\n\n<p>Das Recht auf Daten\u00fcbertragbarkeit gilt nicht f\u00fcr eine Verarbeitung personenbezogener Daten, die f\u00fcr die Wahrnehmung einer Aufgabe erforderlich ist, die im \u00f6ffentlichen Interesse liegt oder in Aus\u00fcbung \u00f6ffentlicher Gewalt erfolgt, die dem Verantwortlichen \u00fcbertragen wurde.<\/p>\n\n\n\n<p>\u200b<\/p>\n\n\n\n<ol class=\"wp-block-list\" start=\"7\"><li>Widerspruchsrecht<\/li><\/ol>\n\n\n\n<p>Sie haben das Recht, aus Gr\u00fcnden, die sich aus ihrer besonderen Situation ergeben, jederzeit gegen die Verarbeitung der Sie betreffenden personenbezogenen Daten, die aufgrund von Art. 6 Abs. 1 lit. e oder f DSGVO erfolgt, Widerspruch einzulegen.<\/p>\n\n\n\n<p>\u200b<\/p>\n\n\n\n<p>Wir verarbeiten die Sie betreffenden personenbezogenen Daten nicht mehr, es sei denn, wir k\u00f6nnen zwingende schutzw\u00fcrdige Gr\u00fcnde f\u00fcr die Verarbeitung nachweisen, die Ihre Interessen, Rechte und Freiheiten \u00fcberwiegen, oder die Verarbeitung dient der Geltendmachung, Aus\u00fcbung oder Verteidigung von Rechtsanspr\u00fcchen.<\/p>\n\n\n\n<p>\u200b<\/p>\n\n\n\n<p>Werden die Sie betreffenden personenbezogenen Daten verarbeitet, um Direktwerbung zu betreiben, haben Sie das Recht, jederzeit Widerspruch gegen die Verarbeitung der Sie betreffenden personenbezogenen Daten zum Zwecke derartiger Werbung einzulegen.<\/p>\n\n\n\n<p>\u200b<\/p>\n\n\n\n<p>Widersprechen Sie der Verarbeitung f\u00fcr Zwecke der Direktwerbung, so werden die Sie betreffenden personenbezogenen Daten nicht mehr f\u00fcr diese Zwecke verarbeitet.<\/p>\n\n\n\n<p>\u200b<\/p>\n\n\n\n<p>Sie haben die M\u00f6glichkeit, im Zusammenhang mit der Nutzung von Diensten der Informationsgesellschaft \u2013 ungeachtet der Richtlinie 2002\/58\/EG \u2013 Ihr Widerspruchsrecht mittels automatisierter Verfahren auszu\u00fcben, bei denen technische Spezifikationen verwendet werden.<\/p>\n\n\n\n<p>\u200b<\/p>\n\n\n\n<ol class=\"wp-block-list\" start=\"8\"><li>Recht auf Widerruf der datenschutzrechtlichen Einwilligungserkl\u00e4rung<\/li><\/ol>\n\n\n\n<p>Sie haben das Recht, Ihre datenschutzrechtliche Einwilligungserkl\u00e4rung jederzeit zu widerrufen. Durch den Widerruf der Einwilligung wird die Rechtm\u00e4\u00dfigkeit der aufgrund der Einwilligung bis zum Widerruf erfolgten Verarbeitung nicht ber\u00fchrt. Zum Widerruf einer Einwilligung oder f\u00fcr einen Widerspruch gen\u00fcgt eine einfache Nachricht per E-Mail an uns: info(at)blg-autorail.de.<\/p>\n\n\n\n<p>\u200b<\/p>\n\n\n\n<ol class=\"wp-block-list\" start=\"9\"><li>Recht auf Beschwerde bei einer Aufsichtsbeh\u00f6rde<\/li><\/ol>\n\n\n\n<p>Unbeschadet eines anderweitigen verwaltungsrechtlichen oder gerichtlichen Rechtsbehelfs steht Ihnen das Recht auf Beschwerde bei einer Aufsichtsbeh\u00f6rde, insbesondere in dem Mitgliedstaat ihres Aufenthaltsorts, ihres Arbeitsplatzes oder des Orts des mutma\u00dflichen Versto\u00dfes, zu, wenn Sie der Ansicht sind, dass die Verarbeitung der Sie betreffenden personenbezogenen Daten gegen die DSGVO verst\u00f6\u00dft.<\/p>\n\n\n\n<p>\u200b<\/p>\n\n\n\n<p>Die Aufsichtsbeh\u00f6rde, bei der die Beschwerde eingereicht wurde, unterrichtet den Beschwerdef\u00fchrer \u00fcber den Stand und die Ergebnisse der Beschwerde einschlie\u00dflich der M\u00f6glichkeit eines gerichtlichen Rechtsbehelfs nach Art. 78 DSGVO.<\/p>\n\n\n\n<p>\u200b<\/p>\n\n\n\n<p>X. \u00c4nderungen der Datenschutzbestimmungen<\/p>\n\n\n\n<p>\u200b<\/p>\n\n\n\n<p>Wir behalten uns vor, diese Datenschutzerkl\u00e4rung jederzeit mit Wirkung f\u00fcr die Zukunft anzupassen, damit sie stets den aktuellen rechtlichen Anforderungen entspricht oder um \u00c4nderungen unserer Leistungen in der Datenschutzerkl\u00e4rung umzusetzen, z. B. bei der Einf\u00fchrung neuer Dienste oder Serviceleistungen. Bitte schauen Sie deshalb bei Ihren n\u00e4chsten Besuch die Datenschutzerkl\u00e4rung erneut an.<\/p>\n","protected":false},"excerpt":{"rendered":"<p>Die BLG AutoRail GmbH (im Folgenden \u201ewir\u201c) nimmt den Schutz personenbezogener Daten sehr ernst. Wir sch\u00fctzen Ihre Privatsph\u00e4re und Ihre privaten Daten. Wir erheben, verarbeiten und nutzen personenbezogene Daten in \u00dcbereinstimmung mit dem Inhalt dieser Datenschutzbestimmungen sowie der anwendbaren Datenschutzgesetze. In diesen Datenschutzregelungen wird geregelt, welche personenbezogenen Daten wir \u00fcber Sie erheben, verarbeiten und nutzen. [&hellip;]<\/p>\n","protected":false},"author":2,"featured_media":0,"parent":0,"menu_order":0,"comment_status":"closed","ping_status":"closed","template":"","meta":{"ngg_post_thumbnail":0,"footnotes":""},"class_list":["post-1671","page","type-page","status-publish","hentry"],"_links":{"self":[{"href":"https:\/\/www.blg-autorail.de\/index.php?rest_route=\/wp\/v2\/pages\/1671","targetHints":{"allow":["GET"]}}],"collection":[{"href":"https:\/\/www.blg-autorail.de\/index.php?rest_route=\/wp\/v2\/pages"}],"about":[{"href":"https:\/\/www.blg-autorail.de\/index.php?rest_route=\/wp\/v2\/types\/page"}],"author":[{"embeddable":true,"href":"https:\/\/www.blg-autorail.de\/index.php?rest_route=\/wp\/v2\/users\/2"}],"replies":[{"embeddable":true,"href":"https:\/\/www.blg-autorail.de\/index.php?rest_route=%2Fwp%2Fv2%2Fcomments&post=1671"}],"version-history":[{"count":2,"href":"https:\/\/www.blg-autorail.de\/index.php?rest_route=\/wp\/v2\/pages\/1671\/revisions"}],"predecessor-version":[{"id":1681,"href":"https:\/\/www.blg-autorail.de\/index.php?rest_route=\/wp\/v2\/pages\/1671\/revisions\/1681"}],"wp:attachment":[{"href":"https:\/\/www.blg-autorail.de\/index.php?rest_route=%2Fwp%2Fv2%2Fmedia&parent=1671"}],"curies":[{"name":"wp","href":"https:\/\/api.w.org\/{rel}","templated":true}]}}